{"version":"1.0","provider_name":"HIERO STRASBOURG","provider_url":"https:\/\/hierostrasbourg.com","title":"L\u2019horizon budg\u00e9taire de la culture s\u2019obscurcit - HIERO STRASBOURG","type":"rich","width":600,"height":338,"html":"<blockquote class=\"wp-embedded-content\" data-secret=\"kgNlmn0IdV\"><a href=\"https:\/\/hierostrasbourg.com\/index.php\/2022\/08\/22\/lhorizon-budgetaire-de-la-culture-sobscurcit\/\">L\u2019horizon budg\u00e9taire de la culture s\u2019obscurcit<\/a><\/blockquote><iframe sandbox=\"allow-scripts\" security=\"restricted\" src=\"https:\/\/hierostrasbourg.com\/index.php\/2022\/08\/22\/lhorizon-budgetaire-de-la-culture-sobscurcit\/embed\/#?secret=kgNlmn0IdV\" width=\"600\" height=\"338\" title=\"\u00ab\u00a0L\u2019horizon budg\u00e9taire de la culture s\u2019obscurcit\u00a0\u00bb &#8212; HIERO STRASBOURG\" data-secret=\"kgNlmn0IdV\" frameborder=\"0\" marginwidth=\"0\" marginheight=\"0\" scrolling=\"no\" class=\"wp-embedded-content\"><\/iframe><script type=\"text\/javascript\">\n\/* <![CDATA[ *\/\n\/*! This file is auto-generated *\/\n!function(d,l){\"use strict\";l.querySelector&&d.addEventListener&&\"undefined\"!=typeof URL&&(d.wp=d.wp||{},d.wp.receiveEmbedMessage||(d.wp.receiveEmbedMessage=function(e){var t=e.data;if((t||t.secret||t.message||t.value)&&!\/[^a-zA-Z0-9]\/.test(t.secret)){for(var s,r,n,a=l.querySelectorAll('iframe[data-secret=\"'+t.secret+'\"]'),o=l.querySelectorAll('blockquote[data-secret=\"'+t.secret+'\"]'),c=new RegExp(\"^https?:$\",\"i\"),i=0;i<o.length;i++)o[i].style.display=\"none\";for(i=0;i<a.length;i++)s=a[i],e.source===s.contentWindow&&(s.removeAttribute(\"style\"),\"height\"===t.message?(1e3<(r=parseInt(t.value,10))?r=1e3:~~r<200&&(r=200),s.height=r):\"link\"===t.message&&(r=new URL(s.getAttribute(\"src\")),n=new URL(t.value),c.test(n.protocol))&&n.host===r.host&&l.activeElement===s&&(d.top.location.href=t.value))}},d.addEventListener(\"message\",d.wp.receiveEmbedMessage,!1),l.addEventListener(\"DOMContentLoaded\",function(){for(var e,t,s=l.querySelectorAll(\"iframe.wp-embedded-content\"),r=0;r<s.length;r++)(t=(e=s[r]).getAttribute(\"data-secret\"))||(t=Math.random().toString(36).substring(2,12),e.src+=\"#?secret=\"+t,e.setAttribute(\"data-secret\",t)),e.contentWindow.postMessage({message:\"ready\",secret:t},\"*\")},!1)))}(window,document);\n\/\/# sourceURL=https:\/\/hierostrasbourg.com\/wp-includes\/js\/wp-embed.min.js\n\/* ]]> *\/\n<\/script>\n","description":"Nul doute qu\u2019\u00e0 la rentr\u00e9e, on va beaucoup parler \u201cbudget\u201d dans les \u00e9quipements culturels et dans les structures associatives soutenues par les collectivit\u00e9s. Ces derniers mois, les facteurs d\u2019inqui\u00e9tude se sont multipli\u00e9s. Directeurs de services territoriaux et responsables associatifs commencent \u00e0 cerner les possibles d\u00e9g\u00e2ts et \u00e0 \u00e9baucher quelques pistes strat\u00e9giques. Source \/ Lire la suite : L\u2019horizon budg\u00e9taire de la culture s\u2019obscurcit L\u2019article L\u2019horizon budg\u00e9taire de la culture s\u2019obscurcit est apparu en premier sur POP B\u00dcRO."}