{"version":"1.0","provider_name":"HIERO STRASBOURG","provider_url":"https:\/\/hierostrasbourg.com","title":"Le m\u00e9c\u00e9nat musical \u00e0 l\u2019heure de la solidarit\u00e9 - HIERO STRASBOURG","type":"rich","width":600,"height":338,"html":"<blockquote class=\"wp-embedded-content\" data-secret=\"zgh0GPk7CI\"><a href=\"https:\/\/hierostrasbourg.com\/index.php\/2022\/06\/25\/le-mecenat-musical-a-lheure-de-la-solidarite\/\">Le m\u00e9c\u00e9nat musical \u00e0 l\u2019heure de la solidarit\u00e9<\/a><\/blockquote><iframe sandbox=\"allow-scripts\" security=\"restricted\" src=\"https:\/\/hierostrasbourg.com\/index.php\/2022\/06\/25\/le-mecenat-musical-a-lheure-de-la-solidarite\/embed\/#?secret=zgh0GPk7CI\" width=\"600\" height=\"338\" title=\"\u00ab\u00a0Le m\u00e9c\u00e9nat musical \u00e0 l\u2019heure de la solidarit\u00e9\u00a0\u00bb &#8212; HIERO STRASBOURG\" data-secret=\"zgh0GPk7CI\" frameborder=\"0\" marginwidth=\"0\" marginheight=\"0\" scrolling=\"no\" class=\"wp-embedded-content\"><\/iframe><script type=\"text\/javascript\">\n\/* <![CDATA[ *\/\n\/*! This file is auto-generated *\/\n!function(d,l){\"use strict\";l.querySelector&&d.addEventListener&&\"undefined\"!=typeof URL&&(d.wp=d.wp||{},d.wp.receiveEmbedMessage||(d.wp.receiveEmbedMessage=function(e){var t=e.data;if((t||t.secret||t.message||t.value)&&!\/[^a-zA-Z0-9]\/.test(t.secret)){for(var s,r,n,a=l.querySelectorAll('iframe[data-secret=\"'+t.secret+'\"]'),o=l.querySelectorAll('blockquote[data-secret=\"'+t.secret+'\"]'),c=new RegExp(\"^https?:$\",\"i\"),i=0;i<o.length;i++)o[i].style.display=\"none\";for(i=0;i<a.length;i++)s=a[i],e.source===s.contentWindow&&(s.removeAttribute(\"style\"),\"height\"===t.message?(1e3<(r=parseInt(t.value,10))?r=1e3:~~r<200&&(r=200),s.height=r):\"link\"===t.message&&(r=new URL(s.getAttribute(\"src\")),n=new URL(t.value),c.test(n.protocol))&&n.host===r.host&&l.activeElement===s&&(d.top.location.href=t.value))}},d.addEventListener(\"message\",d.wp.receiveEmbedMessage,!1),l.addEventListener(\"DOMContentLoaded\",function(){for(var e,t,s=l.querySelectorAll(\"iframe.wp-embedded-content\"),r=0;r<s.length;r++)(t=(e=s[r]).getAttribute(\"data-secret\"))||(t=Math.random().toString(36).substring(2,12),e.src+=\"#?secret=\"+t,e.setAttribute(\"data-secret\",t)),e.contentWindow.postMessage({message:\"ready\",secret:t},\"*\")},!1)))}(window,document);\n\/\/# sourceURL=https:\/\/hierostrasbourg.com\/wp-includes\/js\/wp-embed.min.js\n\/* ]]> *\/\n<\/script>\n","description":"Depuis plusieurs ann\u00e9es, les initiatives solidaires en relation avec la musique se sont multipli\u00e9es, faisant du m\u00e9c\u00e9nat un acteur important du secteur. Tour d\u2019horizon. Source \/ Lire la suite : Le m\u00e9c\u00e9nat musical \u00e0 l\u2019heure de la solidarit\u00e9 L\u2019article Le m\u00e9c\u00e9nat musical \u00e0 l\u2019heure de la solidarit\u00e9 est apparu en premier sur Musiques Actuelles en Alsace. L\u2019article Le m\u00e9c\u00e9nat musical \u00e0 l\u2019heure de la solidarit\u00e9 est apparu en premier sur POP B\u00dcRO."}