{"version":"1.0","provider_name":"HIERO STRASBOURG","provider_url":"https:\/\/hierostrasbourg.com","title":"Comment \u00e9volue l\u2019intercommunalit\u00e9 culturelle ? - HIERO STRASBOURG","type":"rich","width":600,"height":338,"html":"<blockquote class=\"wp-embedded-content\" data-secret=\"rDB2simkx8\"><a href=\"https:\/\/hierostrasbourg.com\/index.php\/2021\/11\/05\/comment-evolue-lintercommunalite-culturelle\/\">Comment \u00e9volue l\u2019intercommunalit\u00e9 culturelle ?<\/a><\/blockquote><iframe sandbox=\"allow-scripts\" security=\"restricted\" src=\"https:\/\/hierostrasbourg.com\/index.php\/2021\/11\/05\/comment-evolue-lintercommunalite-culturelle\/embed\/#?secret=rDB2simkx8\" width=\"600\" height=\"338\" title=\"\u00ab\u00a0Comment \u00e9volue l\u2019intercommunalit\u00e9 culturelle ?\u00a0\u00bb &#8212; HIERO STRASBOURG\" data-secret=\"rDB2simkx8\" frameborder=\"0\" marginwidth=\"0\" marginheight=\"0\" scrolling=\"no\" class=\"wp-embedded-content\"><\/iframe><script type=\"text\/javascript\">\n\/* <![CDATA[ *\/\n\/*! This file is auto-generated *\/\n!function(d,l){\"use strict\";l.querySelector&&d.addEventListener&&\"undefined\"!=typeof URL&&(d.wp=d.wp||{},d.wp.receiveEmbedMessage||(d.wp.receiveEmbedMessage=function(e){var t=e.data;if((t||t.secret||t.message||t.value)&&!\/[^a-zA-Z0-9]\/.test(t.secret)){for(var s,r,n,a=l.querySelectorAll('iframe[data-secret=\"'+t.secret+'\"]'),o=l.querySelectorAll('blockquote[data-secret=\"'+t.secret+'\"]'),c=new RegExp(\"^https?:$\",\"i\"),i=0;i<o.length;i++)o[i].style.display=\"none\";for(i=0;i<a.length;i++)s=a[i],e.source===s.contentWindow&&(s.removeAttribute(\"style\"),\"height\"===t.message?(1e3<(r=parseInt(t.value,10))?r=1e3:~~r<200&&(r=200),s.height=r):\"link\"===t.message&&(r=new URL(s.getAttribute(\"src\")),n=new URL(t.value),c.test(n.protocol))&&n.host===r.host&&l.activeElement===s&&(d.top.location.href=t.value))}},d.addEventListener(\"message\",d.wp.receiveEmbedMessage,!1),l.addEventListener(\"DOMContentLoaded\",function(){for(var e,t,s=l.querySelectorAll(\"iframe.wp-embedded-content\"),r=0;r<s.length;r++)(t=(e=s[r]).getAttribute(\"data-secret\"))||(t=Math.random().toString(36).substring(2,12),e.src+=\"#?secret=\"+t,e.setAttribute(\"data-secret\",t)),e.contentWindow.postMessage({message:\"ready\",secret:t},\"*\")},!1)))}(window,document);\n\/\/# sourceURL=https:\/\/hierostrasbourg.com\/wp-includes\/js\/wp-embed.min.js\n\/* ]]> *\/\n<\/script>\n","description":"Dans une \u00e9tude publi\u00e9e \u00e0 l\u2019occasion de son congr\u00e8s qui s\u2019est tenu \u00e0 Clermont-Ferrand, les 14 et 15 octobre dernier, Intercommunalit\u00e9s de France (AdCF) dresse un \u00e9tat des lieux de la coop\u00e9ration intercommunale en mati\u00e8re de politique culturelle. En une d\u00e9cennie, l\u2019intercommunalit\u00e9 culturelle s\u2019est diversifi\u00e9e. Source \/ Lire la suite : Comment \u00e9volue l\u2019intercommunalit\u00e9 culturelle ? L\u2019article Comment \u00e9volue l\u2019intercommunalit\u00e9 culturelle ? est apparu en premier sur POP B\u00dcRO."}