{"version":"1.0","provider_name":"HIERO STRASBOURG","provider_url":"https:\/\/hierostrasbourg.com","title":"\u00ab La d\u00e9croissance culturelle n\u2019est pas pour demain \u00bb - HIERO STRASBOURG","type":"rich","width":600,"height":338,"html":"<blockquote class=\"wp-embedded-content\" data-secret=\"ssYASWjcnY\"><a href=\"https:\/\/hierostrasbourg.com\/index.php\/2021\/05\/21\/la-decroissance-culturelle-nest-pas-pour-demain\/\">\u00ab La d\u00e9croissance culturelle n\u2019est pas pour demain \u00bb<\/a><\/blockquote><iframe sandbox=\"allow-scripts\" security=\"restricted\" src=\"https:\/\/hierostrasbourg.com\/index.php\/2021\/05\/21\/la-decroissance-culturelle-nest-pas-pour-demain\/embed\/#?secret=ssYASWjcnY\" width=\"600\" height=\"338\" title=\"\u00ab\u00a0\u00ab La d\u00e9croissance culturelle n\u2019est pas pour demain \u00bb\u00a0\u00bb &#8212; HIERO STRASBOURG\" data-secret=\"ssYASWjcnY\" frameborder=\"0\" marginwidth=\"0\" marginheight=\"0\" scrolling=\"no\" class=\"wp-embedded-content\"><\/iframe><script type=\"text\/javascript\">\n\/* <![CDATA[ *\/\n\/*! This file is auto-generated *\/\n!function(d,l){\"use strict\";l.querySelector&&d.addEventListener&&\"undefined\"!=typeof URL&&(d.wp=d.wp||{},d.wp.receiveEmbedMessage||(d.wp.receiveEmbedMessage=function(e){var t=e.data;if((t||t.secret||t.message||t.value)&&!\/[^a-zA-Z0-9]\/.test(t.secret)){for(var s,r,n,a=l.querySelectorAll('iframe[data-secret=\"'+t.secret+'\"]'),o=l.querySelectorAll('blockquote[data-secret=\"'+t.secret+'\"]'),c=new RegExp(\"^https?:$\",\"i\"),i=0;i<o.length;i++)o[i].style.display=\"none\";for(i=0;i<a.length;i++)s=a[i],e.source===s.contentWindow&&(s.removeAttribute(\"style\"),\"height\"===t.message?(1e3<(r=parseInt(t.value,10))?r=1e3:~~r<200&&(r=200),s.height=r):\"link\"===t.message&&(r=new URL(s.getAttribute(\"src\")),n=new URL(t.value),c.test(n.protocol))&&n.host===r.host&&l.activeElement===s&&(d.top.location.href=t.value))}},d.addEventListener(\"message\",d.wp.receiveEmbedMessage,!1),l.addEventListener(\"DOMContentLoaded\",function(){for(var e,t,s=l.querySelectorAll(\"iframe.wp-embedded-content\"),r=0;r<s.length;r++)(t=(e=s[r]).getAttribute(\"data-secret\"))||(t=Math.random().toString(36).substring(2,12),e.src+=\"#?secret=\"+t,e.setAttribute(\"data-secret\",t)),e.contentWindow.postMessage({message:\"ready\",secret:t},\"*\")},!1)))}(window,document);\n\/\/# sourceURL=https:\/\/hierostrasbourg.com\/wp-includes\/js\/wp-embed.min.js\n\/* ]]> *\/\n<\/script>\n","description":"Le v\u0153u maintes fois exprim\u00e9 il y a un an de produire moins d\u2019\u0153uvres, des \u0153uvres moins ch\u00e8res, plus locales, durables et \u00e9cologiques, colle peu \u00e0 la r\u00e9alit\u00e9 actuelle et particuli\u00e8rement \u00e0 celle de l\u2019industrie des \u00e9crans, analyse, dans sa chronique, Michel Guerrin, r\u00e9dacteur en chef au \u00ab Monde \u00bb. Source \/ Lire la suite : \u00ab La d\u00e9croissance culturelle n\u2019est pas pour demain \u00bb L\u2019article \u00ab La d\u00e9croissance culturelle n\u2019est pas pour demain \u00bb est apparu en premier sur [&hellip;]"}